{"id":31570,"date":"2022-09-20T13:03:45","date_gmt":"2022-09-20T11:03:45","guid":{"rendered":"https:\/\/lfmalaga.com\/?page_id=31570"},"modified":"2022-09-24T08:21:06","modified_gmt":"2022-09-24T06:21:06","slug":"nos-actus","status":"publish","type":"page","link":"https:\/\/lfmalaga.com\/en\/nos-actus\/","title":{"rendered":"Our news"},"content":{"rendered":"<div data-elementor-type=\"wp-page\" data-elementor-id=\"31570\" class=\"elementor elementor-31570\" data-elementor-post-type=\"page\">\n\t\t\t\t<div class=\"elementor-element elementor-element-46f66c8 e-flex e-con-boxed e-con e-parent\" data-id=\"46f66c8\" data-element_type=\"container\" data-e-type=\"container\">\n\t\t\t\t\t<div class=\"e-con-inner\">\n\t\t\t\t<div class=\"elementor-element elementor-element-6f8c753 elementor-widget elementor-widget-heading\" data-id=\"6f8c753\" data-element_type=\"widget\" data-e-type=\"widget\" data-widget_type=\"heading.default\">\n\t\t\t\t<div class=\"elementor-widget-container\">\n\t\t\t\t\t<h2 class=\"elementor-heading-title elementor-size-default\">High school news<\/h2>\t\t\t\t<\/div>\n\t\t\t\t<\/div>\n\t\t\t\t\t<\/div>\n\t\t\t\t<\/div>\n\t\t\t\t<section class=\"elementor-section elementor-top-section elementor-element elementor-element-e65fbf1 elementor-section-boxed elementor-section-height-default elementor-section-height-default\" data-id=\"e65fbf1\" data-element_type=\"section\" data-e-type=\"section\">\n\t\t\t\t\t\t<div class=\"elementor-container elementor-column-gap-default\">\n\t\t\t\t\t<div class=\"elementor-column elementor-col-100 elementor-top-column elementor-element elementor-element-151ad20\" data-id=\"151ad20\" data-element_type=\"column\" data-e-type=\"column\">\n\t\t\t<div class=\"elementor-widget-wrap elementor-element-populated\">\n\t\t\t\t\t\t<div class=\"elementor-element elementor-element-62351e6 elementor-grid-2 elementor-grid-tablet-2 elementor-grid-mobile-1 elementor-posts--thumbnail-top elementor-card-shadow-yes elementor-posts__hover-gradient elementor-widget elementor-widget-posts\" data-id=\"62351e6\" data-element_type=\"widget\" data-e-type=\"widget\" data-settings=\"{&quot;cards_columns&quot;:&quot;2&quot;,&quot;pagination_type&quot;:&quot;load_more_infinite_scroll&quot;,&quot;cards_columns_tablet&quot;:&quot;2&quot;,&quot;cards_columns_mobile&quot;:&quot;1&quot;,&quot;cards_row_gap&quot;:{&quot;unit&quot;:&quot;px&quot;,&quot;size&quot;:35,&quot;sizes&quot;:[]},&quot;cards_row_gap_tablet&quot;:{&quot;unit&quot;:&quot;px&quot;,&quot;size&quot;:&quot;&quot;,&quot;sizes&quot;:[]},&quot;cards_row_gap_mobile&quot;:{&quot;unit&quot;:&quot;px&quot;,&quot;size&quot;:&quot;&quot;,&quot;sizes&quot;:[]},&quot;load_more_spinner&quot;:{&quot;value&quot;:&quot;fas fa-spinner&quot;,&quot;library&quot;:&quot;fa-solid&quot;}}\" data-widget_type=\"posts.cards\">\n\t\t\t\t<div class=\"elementor-widget-container\">\n\t\t\t\t\t\t\t<div class=\"elementor-posts-container elementor-posts elementor-posts--skin-cards elementor-grid\" role=\"list\">\n\t\t\t\t<article class=\"elementor-post elementor-grid-item post-36513 post type-post status-publish format-standard has-post-thumbnail hentry category-uncategorized\" role=\"listitem\">\n\t\t\t<div class=\"elementor-post__card\">\n\t\t\t\t<a class=\"elementor-post__thumbnail__link\" href=\"https:\/\/lfmalaga.com\/en\/viieme-concours-de-peinture-rapide\/\" tabindex=\"-1\"><div class=\"elementor-post__thumbnail\"><img fetchpriority=\"high\" decoding=\"async\" width=\"213\" height=\"300\" src=\"https:\/\/lfmalaga.com\/wp-content\/uploads\/2022\/03\/AFFICHE-7-CPR-213x300.jpg\" class=\"attachment-medium size-medium wp-image-36539\" alt=\"\" srcset=\"https:\/\/lfmalaga.com\/wp-content\/uploads\/2022\/03\/AFFICHE-7-CPR-213x300.jpg 213w, https:\/\/lfmalaga.com\/wp-content\/uploads\/2022\/03\/AFFICHE-7-CPR-728x1024.jpg 728w, https:\/\/lfmalaga.com\/wp-content\/uploads\/2022\/03\/AFFICHE-7-CPR-768x1080.jpg 768w, https:\/\/lfmalaga.com\/wp-content\/uploads\/2022\/03\/AFFICHE-7-CPR-1093x1536.jpg 1093w, https:\/\/lfmalaga.com\/wp-content\/uploads\/2022\/03\/AFFICHE-7-CPR-1457x2048.jpg 1457w, https:\/\/lfmalaga.com\/wp-content\/uploads\/2022\/03\/AFFICHE-7-CPR-9x12.jpg 9w, https:\/\/lfmalaga.com\/wp-content\/uploads\/2022\/03\/AFFICHE-7-CPR-scaled.jpg 1821w\" sizes=\"(max-width: 213px) 100vw, 213px\" \/><\/div><\/a>\n\t\t\t\t<div class=\"elementor-post__text\">\n\t\t\t\t<h3 class=\"elementor-post__title\">\n\t\t\t<a href=\"https:\/\/lfmalaga.com\/en\/viieme-concours-de-peinture-rapide\/\">\n\t\t\t\t7th Speed Painting Competition\t\t\t<\/a>\n\t\t<\/h3>\n\t\t\t\t<div class=\"elementor-post__excerpt\">\n\t\t\t<p>7th Speed Painting Competition \u2013 French International School of Malaga (April 19, 2025) The French International School of Malaga is pleased to announce the<\/p>\n\t\t<\/div>\n\t\t\n\t\t<a class=\"elementor-post__read-more\" href=\"https:\/\/lfmalaga.com\/en\/viieme-concours-de-peinture-rapide\/\" aria-label=\"Read more about VII\u00e8me Concours de peinture rapide\" tabindex=\"-1\">\n\t\t\tRead more &quot;\t\t<\/a>\n\n\t\t\t\t<\/div>\n\t\t\t\t\t<\/div>\n\t\t<\/article>\n\t\t\t\t<article class=\"elementor-post elementor-grid-item post-36519 post type-post status-publish format-standard has-post-thumbnail hentry category-uncategorized\" role=\"listitem\">\n\t\t\t<div class=\"elementor-post__card\">\n\t\t\t\t<a class=\"elementor-post__thumbnail__link\" href=\"https:\/\/lfmalaga.com\/en\/top-100-forbes\/\" tabindex=\"-1\"><div class=\"elementor-post__thumbnail\"><img decoding=\"async\" width=\"300\" height=\"169\" src=\"https:\/\/lfmalaga.com\/wp-content\/uploads\/2026\/03\/Forbes-Site-Web-300x169.png\" class=\"attachment-medium size-medium wp-image-36526\" alt=\"\" srcset=\"https:\/\/lfmalaga.com\/wp-content\/uploads\/2026\/03\/Forbes-Site-Web-300x169.png 300w, https:\/\/lfmalaga.com\/wp-content\/uploads\/2026\/03\/Forbes-Site-Web-1024x576.png 1024w, https:\/\/lfmalaga.com\/wp-content\/uploads\/2026\/03\/Forbes-Site-Web-768x432.png 768w, https:\/\/lfmalaga.com\/wp-content\/uploads\/2026\/03\/Forbes-Site-Web-18x10.png 18w, https:\/\/lfmalaga.com\/wp-content\/uploads\/2026\/03\/Forbes-Site-Web.png 1366w\" sizes=\"(max-width: 300px) 100vw, 300px\" \/><\/div><\/a>\n\t\t\t\t<div class=\"elementor-post__text\">\n\t\t\t\t<h3 class=\"elementor-post__title\">\n\t\t\t<a href=\"https:\/\/lfmalaga.com\/en\/top-100-forbes\/\">\n\t\t\t\tForbes Top 100\t\t\t<\/a>\n\t\t<\/h3>\n\t\t\t\t<div class=\"elementor-post__excerpt\">\n\t\t\t<p>The French International School of M\u00e1laga among the 100 best schools in Spain according to Forbes. The French International School of M\u00e1laga (LFIM) is among the<\/p>\n\t\t<\/div>\n\t\t\n\t\t<a class=\"elementor-post__read-more\" href=\"https:\/\/lfmalaga.com\/en\/top-100-forbes\/\" aria-label=\"Read more about Top 100 Forbes\" tabindex=\"-1\">\n\t\t\tRead more &quot;\t\t<\/a>\n\n\t\t\t\t<\/div>\n\t\t\t\t\t<\/div>\n\t\t<\/article>\n\t\t\t\t<article class=\"elementor-post elementor-grid-item post-36289 post type-post status-publish format-standard has-post-thumbnail hentry category-uncategorized\" role=\"listitem\">\n\t\t\t<div class=\"elementor-post__card\">\n\t\t\t\t<a class=\"elementor-post__thumbnail__link\" href=\"https:\/\/lfmalaga.com\/en\/concours-international-de-la-photographie-18e-edition\/\" tabindex=\"-1\"><div class=\"elementor-post__thumbnail\"><img decoding=\"async\" width=\"212\" height=\"300\" src=\"https:\/\/lfmalaga.com\/wp-content\/uploads\/2000\/11\/Humanite-212x300.png\" class=\"attachment-medium size-medium wp-image-36374\" alt=\"\" srcset=\"https:\/\/lfmalaga.com\/wp-content\/uploads\/2000\/11\/Humanite-212x300.png 212w, https:\/\/lfmalaga.com\/wp-content\/uploads\/2000\/11\/Humanite-724x1024.png 724w, https:\/\/lfmalaga.com\/wp-content\/uploads\/2000\/11\/Humanite-768x1086.png 768w, https:\/\/lfmalaga.com\/wp-content\/uploads\/2000\/11\/Humanite-1086x1536.png 1086w, https:\/\/lfmalaga.com\/wp-content\/uploads\/2000\/11\/Humanite-8x12.png 8w, https:\/\/lfmalaga.com\/wp-content\/uploads\/2000\/11\/Humanite.png 1414w\" sizes=\"(max-width: 212px) 100vw, 212px\" \/><\/div><\/a>\n\t\t\t\t<div class=\"elementor-post__text\">\n\t\t\t\t<h3 class=\"elementor-post__title\">\n\t\t\t<a href=\"https:\/\/lfmalaga.com\/en\/concours-international-de-la-photographie-18e-edition\/\">\n\t\t\t\tInternational Photography Competition \u2013 18th edition\t\t\t<\/a>\n\t\t<\/h3>\n\t\t\t\t<div class=\"elementor-post__excerpt\">\n\t\t\t<p>18th International Photography Competition Organized by the French International School of Malaga 1826 \u2013 2026 Bicentenary of the invention of photography<\/p>\n\t\t<\/div>\n\t\t\n\t\t<a class=\"elementor-post__read-more\" href=\"https:\/\/lfmalaga.com\/en\/concours-international-de-la-photographie-18e-edition\/\" aria-label=\"Read more about Concours International de la Photographie \u2013 18e \u00e9dition\" tabindex=\"-1\">\n\t\t\tRead more &quot;\t\t<\/a>\n\n\t\t\t\t<\/div>\n\t\t\t\t\t<\/div>\n\t\t<\/article>\n\t\t\t\t<article class=\"elementor-post elementor-grid-item post-36351 post type-post status-publish format-standard has-post-thumbnail hentry category-uncategorized\" role=\"listitem\">\n\t\t\t<div class=\"elementor-post__card\">\n\t\t\t\t<a class=\"elementor-post__thumbnail__link\" href=\"https:\/\/lfmalaga.com\/en\/les-eleves-de-terminale-au-salon-des-etudes-superieures\/\" tabindex=\"-1\"><div class=\"elementor-post__thumbnail\"><img loading=\"lazy\" decoding=\"async\" width=\"300\" height=\"235\" src=\"https:\/\/lfmalaga.com\/wp-content\/uploads\/2025\/11\/WhatsApp-Image-2025-11-22-at-18.58.33-300x235.jpeg\" class=\"attachment-medium size-medium wp-image-36352\" alt=\"\" srcset=\"https:\/\/lfmalaga.com\/wp-content\/uploads\/2025\/11\/WhatsApp-Image-2025-11-22-at-18.58.33-300x235.jpeg 300w, https:\/\/lfmalaga.com\/wp-content\/uploads\/2025\/11\/WhatsApp-Image-2025-11-22-at-18.58.33-1024x801.jpeg 1024w, https:\/\/lfmalaga.com\/wp-content\/uploads\/2025\/11\/WhatsApp-Image-2025-11-22-at-18.58.33-768x601.jpeg 768w, https:\/\/lfmalaga.com\/wp-content\/uploads\/2025\/11\/WhatsApp-Image-2025-11-22-at-18.58.33-15x12.jpeg 15w, https:\/\/lfmalaga.com\/wp-content\/uploads\/2025\/11\/WhatsApp-Image-2025-11-22-at-18.58.33.jpeg 1428w\" sizes=\"(max-width: 300px) 100vw, 300px\" \/><\/div><\/a>\n\t\t\t\t<div class=\"elementor-post__text\">\n\t\t\t\t<h3 class=\"elementor-post__title\">\n\t\t\t<a href=\"https:\/\/lfmalaga.com\/en\/les-eleves-de-terminale-au-salon-des-etudes-superieures\/\">\n\t\t\t\tHigh school seniors at the Higher Education Fair\t\t\t<\/a>\n\t\t<\/h3>\n\t\t\t\t<div class=\"elementor-post__excerpt\">\n\t\t\t<p>A key step in their career guidance journey: Last Saturday, the final-year students of the Lyc\u00e9e Fran\u00e7ais International de M\u00e1laga participated in the Education Fair.<\/p>\n\t\t<\/div>\n\t\t\n\t\t<a class=\"elementor-post__read-more\" href=\"https:\/\/lfmalaga.com\/en\/les-eleves-de-terminale-au-salon-des-etudes-superieures\/\" aria-label=\"Read more about Les \u00e9l\u00e8ves de Terminale au Salon des \u00c9tudes Sup\u00e9rieures\" tabindex=\"-1\">\n\t\t\tRead more &quot;\t\t<\/a>\n\n\t\t\t\t<\/div>\n\t\t\t\t\t<\/div>\n\t\t<\/article>\n\t\t\t\t<article class=\"elementor-post elementor-grid-item post-36236 post type-post status-publish format-standard has-post-thumbnail hentry category-uncategorized\" role=\"listitem\">\n\t\t\t<div class=\"elementor-post__card\">\n\t\t\t\t<a class=\"elementor-post__thumbnail__link\" href=\"https:\/\/lfmalaga.com\/en\/puertas-abiertas\/\" tabindex=\"-1\"><div class=\"elementor-post__thumbnail\"><img loading=\"lazy\" decoding=\"async\" width=\"300\" height=\"169\" src=\"https:\/\/lfmalaga.com\/wp-content\/uploads\/2025\/10\/Puertas-Abiertas-Site-Web-300x169.png\" class=\"attachment-medium size-medium wp-image-36238\" alt=\"\" srcset=\"https:\/\/lfmalaga.com\/wp-content\/uploads\/2025\/10\/Puertas-Abiertas-Site-Web-300x169.png 300w, https:\/\/lfmalaga.com\/wp-content\/uploads\/2025\/10\/Puertas-Abiertas-Site-Web-1024x576.png 1024w, https:\/\/lfmalaga.com\/wp-content\/uploads\/2025\/10\/Puertas-Abiertas-Site-Web-768x432.png 768w, https:\/\/lfmalaga.com\/wp-content\/uploads\/2025\/10\/Puertas-Abiertas-Site-Web-18x10.png 18w, https:\/\/lfmalaga.com\/wp-content\/uploads\/2025\/10\/Puertas-Abiertas-Site-Web.png 1366w\" sizes=\"(max-width: 300px) 100vw, 300px\" \/><\/div><\/a>\n\t\t\t\t<div class=\"elementor-post__text\">\n\t\t\t\t<h3 class=\"elementor-post__title\">\n\t\t\t<a href=\"https:\/\/lfmalaga.com\/en\/puertas-abiertas\/\">\n\t\t\t\tOpen Day\t\t\t<\/a>\n\t\t<\/h3>\n\t\t\t\t<div class=\"elementor-post__excerpt\">\n\t\t\t<p>Open Day at the Lyc\u00e9e Fran\u00e7ais International de M\u00e1laga \u2013 Friday, December 5, 2025\nThe French International School of M\u00e1laga (LFIM) opens its doors on Friday, December 5, 2025.<\/p>\n\t\t<\/div>\n\t\t\n\t\t<a class=\"elementor-post__read-more\" href=\"https:\/\/lfmalaga.com\/en\/puertas-abiertas\/\" aria-label=\"Read more about Open Day\" tabindex=\"-1\">\n\t\t\tRead more &quot;\t\t<\/a>\n\n\t\t\t\t<\/div>\n\t\t\t\t\t<\/div>\n\t\t<\/article>\n\t\t\t\t<article class=\"elementor-post elementor-grid-item post-36221 post type-post status-publish format-standard has-post-thumbnail hentry category-uncategorized\" role=\"listitem\">\n\t\t\t<div class=\"elementor-post__card\">\n\t\t\t\t<a class=\"elementor-post__thumbnail__link\" href=\"https:\/\/lfmalaga.com\/en\/tournoi-echecs\/\" tabindex=\"-1\"><div class=\"elementor-post__thumbnail\"><img loading=\"lazy\" decoding=\"async\" width=\"240\" height=\"300\" src=\"https:\/\/lfmalaga.com\/wp-content\/uploads\/2025\/10\/echecs-240x300.png\" class=\"attachment-medium size-medium wp-image-36223\" alt=\"\" srcset=\"https:\/\/lfmalaga.com\/wp-content\/uploads\/2025\/10\/echecs-240x300.png 240w, https:\/\/lfmalaga.com\/wp-content\/uploads\/2025\/10\/echecs-819x1024.png 819w, https:\/\/lfmalaga.com\/wp-content\/uploads\/2025\/10\/echecs-768x960.png 768w, https:\/\/lfmalaga.com\/wp-content\/uploads\/2025\/10\/echecs-10x12.png 10w, https:\/\/lfmalaga.com\/wp-content\/uploads\/2025\/10\/echecs.png 1080w\" sizes=\"(max-width: 240px) 100vw, 240px\" \/><\/div><\/a>\n\t\t\t\t<div class=\"elementor-post__text\">\n\t\t\t\t<h3 class=\"elementor-post__title\">\n\t\t\t<a href=\"https:\/\/lfmalaga.com\/en\/tournoi-echecs\/\">\n\t\t\t\tOnline Chess Tournament\t\t\t<\/a>\n\t\t<\/h3>\n\t\t\t\t<div class=\"elementor-post__excerpt\">\n\t\t\t<p>UNSS National Chess Challenge 2025\/2026: Join the competition! Do you like chess? The UNSS National Chess Challenge, organized by the UNSS in partnership<\/p>\n\t\t<\/div>\n\t\t\n\t\t<a class=\"elementor-post__read-more\" href=\"https:\/\/lfmalaga.com\/en\/tournoi-echecs\/\" aria-label=\"Read more about Online Chess Tournament\" tabindex=\"-1\">\n\t\t\tRead more &quot;\t\t<\/a>\n\n\t\t\t\t<\/div>\n\t\t\t\t\t<\/div>\n\t\t<\/article>\n\t\t\t\t<\/div>\n\t\t\t\t\t<span class=\"e-load-more-spinner\">\n\t\t\t\t<i aria-hidden=\"true\" class=\"fas fa-spinner\"><\/i>\t\t\t<\/span>\n\t\t\n\t\t\t\t<div class=\"e-load-more-anchor\" data-page=\"1\" data-max-page=\"14\" data-next-page=\"https:\/\/lfmalaga.com\/en\/wp-json\/wp\/v2\/pages\/31570\/page\/2\/\"><\/div>\n\t\t\t\t<div class=\"e-load-more-message\"><\/div>\n\t\t\t\t\t\t<\/div>\n\t\t\t\t<\/div>\n\t\t\t\t\t<\/div>\n\t\t<\/div>\n\t\t\t\t\t<\/div>\n\t\t<\/section>\n\t\t\t\t<\/div>","protected":false},"excerpt":{"rendered":"<p>High school news<\/p>","protected":false},"author":1,"featured_media":0,"parent":0,"menu_order":0,"comment_status":"closed","ping_status":"closed","template":"","meta":{"footnotes":""},"class_list":["post-31570","page","type-page","status-publish","hentry"],"_links":{"self":[{"href":"https:\/\/lfmalaga.com\/en\/wp-json\/wp\/v2\/pages\/31570","targetHints":{"allow":["GET"]}}],"collection":[{"href":"https:\/\/lfmalaga.com\/en\/wp-json\/wp\/v2\/pages"}],"about":[{"href":"https:\/\/lfmalaga.com\/en\/wp-json\/wp\/v2\/types\/page"}],"author":[{"embeddable":true,"href":"https:\/\/lfmalaga.com\/en\/wp-json\/wp\/v2\/users\/1"}],"replies":[{"embeddable":true,"href":"https:\/\/lfmalaga.com\/en\/wp-json\/wp\/v2\/comments?post=31570"}],"version-history":[{"count":0,"href":"https:\/\/lfmalaga.com\/en\/wp-json\/wp\/v2\/pages\/31570\/revisions"}],"wp:attachment":[{"href":"https:\/\/lfmalaga.com\/en\/wp-json\/wp\/v2\/media?parent=31570"}],"curies":[{"name":"wp","href":"https:\/\/api.w.org\/{rel}","templated":true}]}}